{"id":1765,"date":"2021-10-25T10:29:55","date_gmt":"2021-10-25T09:29:55","guid":{"rendered":"https:\/\/pension-mandy.de\/venkovni-prostor\/"},"modified":"2026-01-16T07:45:37","modified_gmt":"2026-01-16T06:45:37","slug":"venkovni-prostor","status":"publish","type":"page","link":"https:\/\/pension-mandy.de\/cs\/venkovni-prostor\/","title":{"rendered":"Venkovn\u00ed prostor"},"content":{"rendered":"<div class=\"gb-container gb-container-c31de668\"><div class=\"gb-inside-container\">\n\n<div style=\"height:100px\" aria-hidden=\"true\" class=\"wp-block-spacer\"><\/div>\n\n\n\n<p class=\"has-white-color has-text-color\">Penzion Mandy<\/p>\n\n\n\n<h1 class=\"gb-headline gb-headline-aa4d134f gb-headline-text\">Venkovn\u00ed prostor<\/h1>\n\n<\/div><\/div><div class=\"gb-container gb-container-d91751ae\"><div class=\"gb-inside-container\">\n\n<h2 class=\"wp-block-heading\">Kryt\u00e9 n\u00e1dvo\u0159\u00ed<\/h2>\n\n\n\n<p>Ve dvo\u0159e najdete 3 kryt\u00e1 parkovac\u00ed m\u00edsta a 5 voln\u00fdch parkovac\u00edch m\u00edst pro osobn\u00ed auta (za poplatek). Bezplatn\u00e1 ve\u0159ejn\u00e1 parkovac\u00ed m\u00edsta se nach\u00e1zej\u00ed p\u0159\u00edmo p\u0159ed domem. Po\u010det na\u0161ich parkovac\u00edch m\u00edst je omezen\u00fd a nelze je rezervovat p\u0159edem.<br\/>J\u00edzdn\u00ed kola lze parkovat na vyhrazen\u00e9m m\u00edst\u011b. V p\u0159\u00edpad\u011b pot\u0159eby lze v na\u0161\u00ed d\u00edln\u011b vysu\u0161it oble\u010den\u00ed nebo prov\u00e9st drobn\u00e9 opravy na kole.<\/p>\n\n\n\n<p>V p\u0159\u00edpad\u011b z\u00e1jmu v\u00e1m poskytneme tipy a n\u00e1vrhy na cyklistick\u00e9 v\u00fdlety, gastronomick\u00e9 podniky, b\u011b\u017eeck\u00e9 trasy nebo i v\u00fdlety na motorce v regionu.<\/p>\n\n\n\n<p>N\u00e1\u0161 kryt\u00fd prostor na vnit\u0159n\u00edm n\u00e1dvo\u0159\u00ed je vybaven pohodln\u00fdm posezen\u00edm, a zve tak k p\u0159\u00edjemn\u00e9mu zakon\u010den\u00ed dne.<\/p>\n\n\n\n<p>Na\u0161i dlouhodob\u00ed host\u00e9 mohou za poplatek a po p\u0159edchoz\u00ed domluv\u011b vyu\u017e\u00edvat slu\u017eby pr\u00e1delny.<\/p>\n\n<\/div><\/div><div class=\"gb-container gb-container-b2da4fb4\"><div class=\"gb-inside-container\">\n<!-- Carousel Style & Script for  gallery-6a9a8f63e5547 -->\r\n\r\n<script type=\"text\/javascript\">\r\n\/\/ <![CDATA[\r\n\/* START --- Image Carousel --- *\/\r\n\r\njQuery(document).ready(function($) {\r\n\r\n    \r\n    $('#icppreloader-gallery-6a9a8f63e5547').fadeOut(300, function() {\r\n        $('#gallery-6a9a8f63e5547').fadeIn(300);\r\n        var slider6a9a8f63e5547 = $('#gallery-6a9a8f63e5547').bxSlider({\r\n            auto: false,\r\n            pause: 3000,\r\n            autoHover: true,\r\n            moveSlides: 3,\r\n            minSlides: 3,\r\n            maxSlides: 3,\r\n            slideWidth: 1400,\r\n            slideMargin: 10,\r\n            startSlide: 0,\r\n            infiniteLoop: true,\r\n            captions: false,\r\n            captionsMode: 'alt',\r\n            adaptiveHeight: true,\r\n            useCSS: false,\r\n            pager: true,\r\n            easing: 'easeOutBounce',\r\n            speed: 2500,\r\n            preloadImages: 'all',\r\n            onSlideBefore: function() {\r\n                                $('#gallery-6a9a8f63e5547 .bx-caption').slideUp();\r\n                            },\r\n            onSlideAfter: function($slideElement, oldIndex, newIndex) {\r\n                                $('#gallery-6a9a8f63e5547 .bx-caption').slideDown();\r\n                            }\r\n        });\r\n\r\n    });\r\n});\r\n\r\n\/* END --- Image Carousel --- *\/\r\n\r\n\/\/ ]]>\r\n<\/script>\r\n\r\n<style type=\"text\/css\">\r\n.markup-gallery-6a9a8f63e5547 .carousel-item img {width: 100%;margin: 0 auto;border:none !important;border-radius: 0px !important;box-shadow:none !important;}.markup-gallery-6a9a8f63e5547 .bx-controls-direction a {display: none;}.markup-gallery-6a9a8f63e5547 .bx-wrapper:hover .bx-controls-direction a {display: block;}.markup-gallery-6a9a8f63e5547 .bx-controls-direction a { display: block !important;}1<\/style>\r\n\r\n\n\t\t<div id='icppreloader-gallery-6a9a8f63e5547' class='icpsliderpreloader'><\/div><div class='markup-gallery-6a9a8f63e5547'><div style='display:none;' id='gallery-6a9a8f63e5547' class='ghozylab-gallery galleryid-1765 gallery-size-full'><div class='carousel-item'><a   href='https:\/\/pension-mandy.de\/wp-content\/uploads\/Aussenbereich-1.jpg'><img loading=\"lazy\" decoding=\"async\" width=\"1024\" height=\"683\" src=\"https:\/\/pension-mandy.de\/wp-content\/uploads\/image_carousel_thumbs\/Aussenbereich-1-pjittr92tfnah8ln8iagmj5gm8i26rlebjlmh0b8og.jpg\" class=\"attachment-full size-full\" alt=\"\" srcset=\"https:\/\/pension-mandy.de\/wp-content\/uploads\/Aussenbereich-1.jpg 1024w, https:\/\/pension-mandy.de\/wp-content\/uploads\/Aussenbereich-1-400x267.jpg 400w, https:\/\/pension-mandy.de\/wp-content\/uploads\/Aussenbereich-1-768x512.jpg 768w\" sizes=\"auto, (max-width: 1024px) 100vw, 1024px\" \/><\/a><\/div><div class='carousel-item'><a   href='https:\/\/pension-mandy.de\/wp-content\/uploads\/Aussenbereich-3.jpg'><img loading=\"lazy\" decoding=\"async\" width=\"1024\" height=\"683\" src=\"https:\/\/pension-mandy.de\/wp-content\/uploads\/image_carousel_thumbs\/Aussenbereich-3-pjitts6x09oksuka30p370wx7mdfegp4no93ya9ui8.jpg\" class=\"attachment-full size-full\" alt=\"\" srcset=\"https:\/\/pension-mandy.de\/wp-content\/uploads\/Aussenbereich-3.jpg 1024w, https:\/\/pension-mandy.de\/wp-content\/uploads\/Aussenbereich-3-400x267.jpg 400w, https:\/\/pension-mandy.de\/wp-content\/uploads\/Aussenbereich-3-768x512.jpg 768w\" sizes=\"auto, (max-width: 1024px) 100vw, 1024px\" \/><\/a><\/div><div class='carousel-item'><a   href='https:\/\/pension-mandy.de\/wp-content\/uploads\/Aussenbereich-2.jpg'><img loading=\"lazy\" decoding=\"async\" width=\"1024\" height=\"683\" src=\"https:\/\/pension-mandy.de\/wp-content\/uploads\/image_carousel_thumbs\/Aussenbereich-2-pjittr92tfnah8ln8iagmj5gm8i26rlebjlmh0b8og.jpg\" class=\"attachment-full size-full\" alt=\"\" srcset=\"https:\/\/pension-mandy.de\/wp-content\/uploads\/Aussenbereich-2.jpg 1024w, https:\/\/pension-mandy.de\/wp-content\/uploads\/Aussenbereich-2-400x267.jpg 400w, https:\/\/pension-mandy.de\/wp-content\/uploads\/Aussenbereich-2-768x512.jpg 768w\" sizes=\"auto, (max-width: 1024px) 100vw, 1024px\" \/><\/a><\/div><div class='carousel-item'><a   href='https:\/\/pension-mandy.de\/wp-content\/uploads\/Aussenbereich-4.jpg'><img loading=\"lazy\" decoding=\"async\" width=\"1024\" height=\"683\" src=\"https:\/\/pension-mandy.de\/wp-content\/uploads\/image_carousel_thumbs\/Aussenbereich-4-pjitts6x09oksuka30p370wx7mdfegp4no93ya9ui8.jpg\" class=\"attachment-full size-full\" alt=\"\" srcset=\"https:\/\/pension-mandy.de\/wp-content\/uploads\/Aussenbereich-4.jpg 1024w, https:\/\/pension-mandy.de\/wp-content\/uploads\/Aussenbereich-4-400x267.jpg 400w, https:\/\/pension-mandy.de\/wp-content\/uploads\/Aussenbereich-4-768x512.jpg 768w\" sizes=\"auto, (max-width: 1024px) 100vw, 1024px\" \/><\/a><\/div><div class='carousel-item'><a   href='https:\/\/pension-mandy.de\/wp-content\/uploads\/Aussenbereich-6-1.jpg'><img loading=\"lazy\" decoding=\"async\" width=\"1023\" height=\"683\" src=\"https:\/\/pension-mandy.de\/wp-content\/uploads\/image_carousel_thumbs\/Aussenbereich-6-1-pjittt4r73pv4giwxj3priodt08sm5suzswlfk8gc0.jpg\" class=\"attachment-full size-full\" alt=\"\" srcset=\"https:\/\/pension-mandy.de\/wp-content\/uploads\/Aussenbereich-6-1.jpg 1023w, https:\/\/pension-mandy.de\/wp-content\/uploads\/Aussenbereich-6-1-400x267.jpg 400w, https:\/\/pension-mandy.de\/wp-content\/uploads\/Aussenbereich-6-1-768x513.jpg 768w\" sizes=\"auto, (max-width: 1023px) 100vw, 1023px\" \/><\/a><\/div><div class='carousel-item'><a   href='https:\/\/pension-mandy.de\/wp-content\/uploads\/Aussenbereich-5-1.jpg'><img loading=\"lazy\" decoding=\"async\" width=\"1022\" height=\"683\" src=\"https:\/\/pension-mandy.de\/wp-content\/uploads\/image_carousel_thumbs\/Aussenbereich-5-1-pjitts6x09oksuka30p370wx7mdfegp4no93ya9ui8.jpg\" class=\"attachment-full size-full\" alt=\"\" srcset=\"https:\/\/pension-mandy.de\/wp-content\/uploads\/Aussenbereich-5-1.jpg 1022w, https:\/\/pension-mandy.de\/wp-content\/uploads\/Aussenbereich-5-1-400x267.jpg 400w, https:\/\/pension-mandy.de\/wp-content\/uploads\/Aussenbereich-5-1-768x513.jpg 768w\" sizes=\"auto, (max-width: 1022px) 100vw, 1022px\" \/><\/a><\/div><div class='carousel-item'><a   href='https:\/\/pension-mandy.de\/wp-content\/uploads\/Lageplan-Pension-Mandy-1200x838.jpg'><img loading=\"lazy\" decoding=\"async\" width=\"2560\" height=\"1788\" src=\"https:\/\/pension-mandy.de\/wp-content\/uploads\/image_carousel_thumbs\/Lageplan-Pension-Mandy-scaled-pjitu78c1m95ylyfn774ax4apsbatmcu1qovmpnjqo.jpg\" class=\"attachment-full size-full\" alt=\"\" srcset=\"https:\/\/pension-mandy.de\/wp-content\/uploads\/Lageplan-Pension-Mandy-scaled.jpg 2560w, https:\/\/pension-mandy.de\/wp-content\/uploads\/Lageplan-Pension-Mandy-400x279.jpg 400w, https:\/\/pension-mandy.de\/wp-content\/uploads\/Lageplan-Pension-Mandy-1200x838.jpg 1200w, https:\/\/pension-mandy.de\/wp-content\/uploads\/Lageplan-Pension-Mandy-768x537.jpg 768w, https:\/\/pension-mandy.de\/wp-content\/uploads\/Lageplan-Pension-Mandy-1536x1073.jpg 1536w, https:\/\/pension-mandy.de\/wp-content\/uploads\/Lageplan-Pension-Mandy-2048x1431.jpg 2048w\" sizes=\"auto, (max-width: 2560px) 100vw, 2560px\" \/><\/a><\/div>\r\n\t\t<\/div><\/div>\n\n<\/div><\/div>\n<p><\/p>\n","protected":false},"excerpt":{"rendered":"<p>Penzion Mandy Venkovn\u00ed prostor Kryt\u00e9 n\u00e1dvo\u0159\u00ed Ve dvo\u0159e najdete 3 kryt\u00e1 parkovac\u00ed m\u00edsta a 5 voln\u00fdch parkovac\u00edch m\u00edst pro osobn\u00ed auta (za poplatek). Bezplatn\u00e1 ve\u0159ejn\u00e1 parkovac\u00ed m\u00edsta se nach\u00e1zej\u00ed p\u0159\u00edmo p\u0159ed domem. Po\u010det na\u0161ich parkovac\u00edch m\u00edst je omezen\u00fd a nelze je rezervovat p\u0159edem.J\u00edzdn\u00ed kola lze parkovat na vyhrazen\u00e9m m\u00edst\u011b. V p\u0159\u00edpad\u011b pot\u0159eby lze v na\u0161\u00ed &#8230; <\/p>\n<p class=\"read-more-container\"><a title=\"Venkovn\u00ed prostor\" class=\"read-more button\" href=\"https:\/\/pension-mandy.de\/cs\/venkovni-prostor\/#more-1765\" aria-label=\"\u010c\u00edst v\u00edce o Venkovn\u00ed prostor\">Weiterlesen<\/a><\/p>\n","protected":false},"author":5,"featured_media":0,"parent":0,"menu_order":0,"comment_status":"closed","ping_status":"closed","template":"","meta":{"_editorskit_title_hidden":false,"_editorskit_reading_time":0,"_editorskit_is_block_options_detached":false,"_editorskit_block_options_position":"{}","footnotes":""},"class_list":{"0":"post-1765","1":"page","2":"type-page","3":"status-publish","5":"infinite-scroll-item"},"yoast_head":"<!-- This site is optimized with the Yoast SEO plugin v28.4 - https:\/\/yoast.com\/product\/yoast-seo-wordpress\/ -->\n<title>Venkovn\u00ed prostor - Pension Mandy<\/title>\n<meta name=\"description\" content=\"Zde se dozv\u00edte v\u00edce o na\u0161em venkovn\u00edm are\u00e1lu s kryt\u00fdm dvorem a mo\u017en\u00fdmi parkovac\u00edmi m\u00edsty pro auta (za poplatek).\" \/>\n<meta name=\"robots\" content=\"index, follow, max-snippet:-1, max-image-preview:large, max-video-preview:-1\" \/>\n<link rel=\"canonical\" href=\"https:\/\/pension-mandy.de\/cs\/venkovni-prostor\/\" \/>\n<meta property=\"og:locale\" content=\"cs_CZ\" \/>\n<meta property=\"og:type\" content=\"article\" \/>\n<meta property=\"og:title\" content=\"Venkovn\u00ed prostor - Pension Mandy\" \/>\n<meta property=\"og:description\" content=\"Zde se dozv\u00edte v\u00edce o na\u0161em venkovn\u00edm are\u00e1lu s kryt\u00fdm dvorem a mo\u017en\u00fdmi parkovac\u00edmi m\u00edsty pro auta (za poplatek).\" \/>\n<meta property=\"og:url\" content=\"https:\/\/pension-mandy.de\/cs\/venkovni-prostor\/\" \/>\n<meta property=\"og:site_name\" content=\"Pension Mandy\" \/>\n<meta property=\"article:modified_time\" content=\"2026-01-16T06:45:37+00:00\" \/>\n<meta property=\"og:image\" content=\"https:\/\/pension-mandy.de\/wp-content\/uploads\/image_carousel_thumbs\/Aussenbereich-3-pjitts6x09oksuka30p370wx7mdfegp4no93ya9ui8.jpg\" \/>\n<meta name=\"twitter:label1\" content=\"Odhadovan\u00e1 doba \u010dten\u00ed\" \/>\n\t<meta name=\"twitter:data1\" content=\"1 minuta\" \/>\n<script type=\"application\/ld+json\" class=\"yoast-schema-graph\">{\"@context\":\"https:\\\/\\\/schema.org\",\"@graph\":[{\"@type\":\"WebPage\",\"@id\":\"https:\\\/\\\/pension-mandy.de\\\/cs\\\/venkovni-prostor\\\/\",\"url\":\"https:\\\/\\\/pension-mandy.de\\\/cs\\\/venkovni-prostor\\\/\",\"name\":\"Venkovn\u00ed prostor - Pension Mandy\",\"isPartOf\":{\"@id\":\"https:\\\/\\\/pension-mandy.de\\\/cs\\\/#website\"},\"datePublished\":\"2021-10-25T09:29:55+00:00\",\"dateModified\":\"2026-01-16T06:45:37+00:00\",\"description\":\"Zde se dozv\u00edte v\u00edce o na\u0161em venkovn\u00edm are\u00e1lu s kryt\u00fdm dvorem a mo\u017en\u00fdmi parkovac\u00edmi m\u00edsty pro auta (za poplatek).\",\"breadcrumb\":{\"@id\":\"https:\\\/\\\/pension-mandy.de\\\/cs\\\/venkovni-prostor\\\/#breadcrumb\"},\"inLanguage\":\"cs\",\"potentialAction\":[{\"@type\":\"ReadAction\",\"target\":[\"https:\\\/\\\/pension-mandy.de\\\/cs\\\/venkovni-prostor\\\/\"]}]},{\"@type\":\"BreadcrumbList\",\"@id\":\"https:\\\/\\\/pension-mandy.de\\\/cs\\\/venkovni-prostor\\\/#breadcrumb\",\"itemListElement\":[{\"@type\":\"ListItem\",\"position\":1,\"name\":\"Home\",\"item\":\"https:\\\/\\\/pension-mandy.de\\\/cs\\\/\"},{\"@type\":\"ListItem\",\"position\":2,\"name\":\"Venkovn\u00ed prostor\"}]},{\"@type\":\"WebSite\",\"@id\":\"https:\\\/\\\/pension-mandy.de\\\/cs\\\/#website\",\"url\":\"https:\\\/\\\/pension-mandy.de\\\/cs\\\/\",\"name\":\"Pension Mandy\",\"description\":\"Ihre Pension im Herzen des Lausitzer Seenland\",\"publisher\":{\"@id\":\"https:\\\/\\\/pension-mandy.de\\\/cs\\\/#organization\"},\"potentialAction\":[{\"@type\":\"SearchAction\",\"target\":{\"@type\":\"EntryPoint\",\"urlTemplate\":\"https:\\\/\\\/pension-mandy.de\\\/cs\\\/?s={search_term_string}\"},\"query-input\":{\"@type\":\"PropertyValueSpecification\",\"valueRequired\":true,\"valueName\":\"search_term_string\"}}],\"inLanguage\":\"cs\"},{\"@type\":\"Organization\",\"@id\":\"https:\\\/\\\/pension-mandy.de\\\/cs\\\/#organization\",\"name\":\"Pension Mandy\",\"url\":\"https:\\\/\\\/pension-mandy.de\\\/cs\\\/\",\"logo\":{\"@type\":\"ImageObject\",\"inLanguage\":\"cs\",\"@id\":\"https:\\\/\\\/pension-mandy.de\\\/cs\\\/#\\\/schema\\\/logo\\\/image\\\/\",\"url\":\"https:\\\/\\\/pension-mandy.de\\\/wp-content\\\/uploads\\\/Logo_weiss_rgb.svg\",\"contentUrl\":\"https:\\\/\\\/pension-mandy.de\\\/wp-content\\\/uploads\\\/Logo_weiss_rgb.svg\",\"width\":9680,\"height\":4269,\"caption\":\"Pension Mandy\"},\"image\":{\"@id\":\"https:\\\/\\\/pension-mandy.de\\\/cs\\\/#\\\/schema\\\/logo\\\/image\\\/\"}}]}<\/script>\n<!-- \/ Yoast SEO plugin. -->","yoast_head_json":{"title":"Venkovn\u00ed prostor - Pension Mandy","description":"Zde se dozv\u00edte v\u00edce o na\u0161em venkovn\u00edm are\u00e1lu s kryt\u00fdm dvorem a mo\u017en\u00fdmi parkovac\u00edmi m\u00edsty pro auta (za poplatek).","robots":{"index":"index","follow":"follow","max-snippet":"max-snippet:-1","max-image-preview":"max-image-preview:large","max-video-preview":"max-video-preview:-1"},"canonical":"https:\/\/pension-mandy.de\/cs\/venkovni-prostor\/","og_locale":"cs_CZ","og_type":"article","og_title":"Venkovn\u00ed prostor - Pension Mandy","og_description":"Zde se dozv\u00edte v\u00edce o na\u0161em venkovn\u00edm are\u00e1lu s kryt\u00fdm dvorem a mo\u017en\u00fdmi parkovac\u00edmi m\u00edsty pro auta (za poplatek).","og_url":"https:\/\/pension-mandy.de\/cs\/venkovni-prostor\/","og_site_name":"Pension Mandy","article_modified_time":"2026-01-16T06:45:37+00:00","og_image":[{"url":"https:\/\/pension-mandy.de\/wp-content\/uploads\/image_carousel_thumbs\/Aussenbereich-3-pjitts6x09oksuka30p370wx7mdfegp4no93ya9ui8.jpg","type":"","width":"","height":""}],"twitter_misc":{"Odhadovan\u00e1 doba \u010dten\u00ed":"1 minuta"},"schema":{"@context":"https:\/\/schema.org","@graph":[{"@type":"WebPage","@id":"https:\/\/pension-mandy.de\/cs\/venkovni-prostor\/","url":"https:\/\/pension-mandy.de\/cs\/venkovni-prostor\/","name":"Venkovn\u00ed prostor - Pension Mandy","isPartOf":{"@id":"https:\/\/pension-mandy.de\/cs\/#website"},"datePublished":"2021-10-25T09:29:55+00:00","dateModified":"2026-01-16T06:45:37+00:00","description":"Zde se dozv\u00edte v\u00edce o na\u0161em venkovn\u00edm are\u00e1lu s kryt\u00fdm dvorem a mo\u017en\u00fdmi parkovac\u00edmi m\u00edsty pro auta (za poplatek).","breadcrumb":{"@id":"https:\/\/pension-mandy.de\/cs\/venkovni-prostor\/#breadcrumb"},"inLanguage":"cs","potentialAction":[{"@type":"ReadAction","target":["https:\/\/pension-mandy.de\/cs\/venkovni-prostor\/"]}]},{"@type":"BreadcrumbList","@id":"https:\/\/pension-mandy.de\/cs\/venkovni-prostor\/#breadcrumb","itemListElement":[{"@type":"ListItem","position":1,"name":"Home","item":"https:\/\/pension-mandy.de\/cs\/"},{"@type":"ListItem","position":2,"name":"Venkovn\u00ed prostor"}]},{"@type":"WebSite","@id":"https:\/\/pension-mandy.de\/cs\/#website","url":"https:\/\/pension-mandy.de\/cs\/","name":"Pension Mandy","description":"Ihre Pension im Herzen des Lausitzer Seenland","publisher":{"@id":"https:\/\/pension-mandy.de\/cs\/#organization"},"potentialAction":[{"@type":"SearchAction","target":{"@type":"EntryPoint","urlTemplate":"https:\/\/pension-mandy.de\/cs\/?s={search_term_string}"},"query-input":{"@type":"PropertyValueSpecification","valueRequired":true,"valueName":"search_term_string"}}],"inLanguage":"cs"},{"@type":"Organization","@id":"https:\/\/pension-mandy.de\/cs\/#organization","name":"Pension Mandy","url":"https:\/\/pension-mandy.de\/cs\/","logo":{"@type":"ImageObject","inLanguage":"cs","@id":"https:\/\/pension-mandy.de\/cs\/#\/schema\/logo\/image\/","url":"https:\/\/pension-mandy.de\/wp-content\/uploads\/Logo_weiss_rgb.svg","contentUrl":"https:\/\/pension-mandy.de\/wp-content\/uploads\/Logo_weiss_rgb.svg","width":9680,"height":4269,"caption":"Pension Mandy"},"image":{"@id":"https:\/\/pension-mandy.de\/cs\/#\/schema\/logo\/image\/"}}]}},"_links":{"self":[{"href":"https:\/\/pension-mandy.de\/cs\/wp-json\/wp\/v2\/pages\/1765","targetHints":{"allow":["GET"]}}],"collection":[{"href":"https:\/\/pension-mandy.de\/cs\/wp-json\/wp\/v2\/pages"}],"about":[{"href":"https:\/\/pension-mandy.de\/cs\/wp-json\/wp\/v2\/types\/page"}],"author":[{"embeddable":true,"href":"https:\/\/pension-mandy.de\/cs\/wp-json\/wp\/v2\/users\/5"}],"replies":[{"embeddable":true,"href":"https:\/\/pension-mandy.de\/cs\/wp-json\/wp\/v2\/comments?post=1765"}],"version-history":[{"count":2,"href":"https:\/\/pension-mandy.de\/cs\/wp-json\/wp\/v2\/pages\/1765\/revisions"}],"predecessor-version":[{"id":2594,"href":"https:\/\/pension-mandy.de\/cs\/wp-json\/wp\/v2\/pages\/1765\/revisions\/2594"}],"wp:attachment":[{"href":"https:\/\/pension-mandy.de\/cs\/wp-json\/wp\/v2\/media?parent=1765"}],"curies":[{"name":"wp","href":"https:\/\/api.w.org\/{rel}","templated":true}]}}