{"id":1779,"date":"2020-07-27T12:11:51","date_gmt":"2020-07-27T11:11:51","guid":{"rendered":"https:\/\/pension-mandy.de\/domovska-stranka\/"},"modified":"2026-01-15T08:40:25","modified_gmt":"2026-01-15T07:40:25","slug":"domovska-stranka","status":"publish","type":"page","link":"https:\/\/pension-mandy.de\/cs\/","title":{"rendered":"Domovsk\u00e1 str\u00e1nka"},"content":{"rendered":"<div class=\"gb-container gb-container-a74ab18a start-background-color\"><div class=\"gb-inside-container\">\n\n<div style=\"height:310px\" aria-hidden=\"true\" class=\"wp-block-spacer\"><\/div>\n\n\n\n<p class=\"has-white-color has-text-color\">V\u00cdTEJTE V SENFTENBERGU<\/p>\n\n\n\n<h1 class=\"gb-headline gb-headline-13148393 gb-headline-text\"><br>Ud\u011blejte si pohodl\u00ed v .<\/h1>\n\n<\/div><\/div><div class=\"gb-container gb-container-6f8f1f97\"><div class=\"gb-inside-container\">\n\n<p class=\"light-text\">O N\u00c1S<\/p>\n\n\n\n<h1 class=\"wp-block-heading\">V\u00edtejte v penzionu Mandy<\/h1>\n\n\n<div class=\"gb-grid-wrapper gb-grid-wrapper-d2ca7887\">\n<div class=\"gb-grid-column gb-grid-column-4d9b6929\"><div class=\"gb-container gb-container-4d9b6929\"><div class=\"gb-inside-container\">\n\n<p>N\u00e1\u0161 d\u016fm byl v letech 1998\/99 kompletn\u011b zrekonstruov\u00e1n, v letech 2004 a 2006 roz\u0161\u00ed\u0159en o nov\u00e9 budovy a v lednu 2026 jej p\u0159evzala Mandy Unger.<\/p>\n\n\n\n<p>M\u00e1me 44 l\u016f\u017eek v 17 pokoj\u00edch nebo bytech ve \u010dty\u0159ech domech. Na\u0161e pokoje a apartm\u00e1ny nab\u00edzej\u00ed 1 a\u017e 4 osob\u00e1m p\u0159\u00edjemn\u00fd pobyt v modern\u00edm a kvalitn\u00edm prost\u0159ed\u00ed.<\/p>\n\n\n\n<p>Samoz\u0159ejmost\u00ed je satelitn\u00ed TV, lednice, k\u00e1vovar, rychlovarn\u00e1 konvice a n\u00e1dob\u00ed. V\u0161echny jednotky maj\u00ed vlastn\u00ed koupelnu se sprchou a\/nebo vanou a WC. Apartm\u00e1ny a pr\u00e1zdninov\u00e9 byty maj\u00ed kuchy\u0148sk\u00fd kout s varnou deskou a lednic\u00ed jako minim\u00e1ln\u00ed vybaven\u00ed. V z\u00e1vislosti na velikosti bytu m\u00e1te k dispozici pln\u011b vybavenou kuchy\u0148, tak\u017ee je mo\u017en\u00e9 pohodln\u011b str\u00e1vit i n\u011bkolik t\u00fddn\u016f.<\/p>\n\n\n<div class=\"gb-grid-wrapper gb-grid-wrapper-996b8102\">\n<div class=\"gb-grid-column gb-grid-column-26eb3579\"><div class=\"gb-container gb-container-26eb3579\"><div class=\"gb-inside-container\">\n\n<div class=\"wp-block-buttons is-horizontal is-content-justification-center is-layout-flex wp-container-core-buttons-is-layout-499968f5 wp-block-buttons-is-layout-flex\">\n<div class=\"wp-block-button has-custom-width wp-block-button__width-100 buttons buttons-full\"><a class=\"wp-block-button__link wp-element-button\" href=\"https:\/\/booking.roomraccoon.de\/pension-mandy\/de\/\" target=\"_blank\" rel=\"noreferrer noopener\"><strong>Rezervujte online<\/strong><\/a><\/div>\n<\/div>\n\n<\/div><\/div><\/div>\n\n<div class=\"gb-grid-column gb-grid-column-d3a1ee2d\"><div class=\"gb-container gb-container-d3a1ee2d\"><div class=\"gb-inside-container\">\n\n<div class=\"wp-block-buttons is-horizontal is-content-justification-center is-layout-flex wp-container-core-buttons-is-layout-499968f5 wp-block-buttons-is-layout-flex\">\n<div class=\"wp-block-button has-custom-width wp-block-button__width-100 buttons\"><a class=\"wp-block-button__link wp-element-button\" href=\"tel:+493573790058\"><strong>03573 &#8211; 790 058 volat<\/strong><\/a><\/div>\n<\/div>\n\n<\/div><\/div><\/div>\n\n<div class=\"gb-grid-column gb-grid-column-2cb2b41b\"><div class=\"gb-container gb-container-2cb2b41b\"><div class=\"gb-inside-container\">\n\n<div class=\"wp-block-buttons is-horizontal is-content-justification-center is-layout-flex wp-container-core-buttons-is-layout-499968f5 wp-block-buttons-is-layout-flex\">\n<div class=\"wp-block-button has-custom-width wp-block-button__width-100 buttons\"><a class=\"wp-block-button__link wp-element-button\" href=\"https:\/\/pension-mandy.de\/cs\/o-nas\/\"><strong>V\u00edce o n\u00e1s<\/strong><\/a><\/div>\n<\/div>\n\n<\/div><\/div><\/div>\n<\/div>\n<\/div><\/div><\/div>\n\n<div class=\"gb-grid-column gb-grid-column-2fc9fe53\"><div class=\"gb-container gb-container-2fc9fe53\"><div class=\"gb-inside-container\">\n<div class=\"wp-block-image is-style-default\">\n<figure class=\"aligncenter size-large\"><img loading=\"lazy\" decoding=\"async\" width=\"1200\" height=\"802\" src=\"https:\/\/pension-mandy.de\/wp-content\/uploads\/0046_W_KH8752_2000-1200x802.jpg\" alt=\"\" class=\"wp-image-1166\" srcset=\"https:\/\/pension-mandy.de\/wp-content\/uploads\/0046_W_KH8752_2000-1200x802.jpg 1200w, https:\/\/pension-mandy.de\/wp-content\/uploads\/0046_W_KH8752_2000-400x267.jpg 400w, https:\/\/pension-mandy.de\/wp-content\/uploads\/0046_W_KH8752_2000-768x513.jpg 768w, https:\/\/pension-mandy.de\/wp-content\/uploads\/0046_W_KH8752_2000-1536x1026.jpg 1536w, https:\/\/pension-mandy.de\/wp-content\/uploads\/0046_W_KH8752_2000.jpg 2000w\" sizes=\"auto, (max-width: 1200px) 100vw, 1200px\" \/><\/figure>\n<\/div>\n<\/div><\/div><\/div>\n<\/div>\n<\/div><\/div><div class=\"gb-container gb-container-d1eb1983\"><div class=\"gb-inside-container\">\n\n<p class=\"light-text\">INFORMACE<\/p>\n\n\n\n<h2 class=\"wp-block-heading\">P\u0159\u00edjezd do penzionu Mandy<\/h2>\n\n\n\n<p>Na\u0161e recepce je otev\u0159ena <strong>od pond\u011bl\u00ed do p\u00e1tku od 8:00 do 12:00<\/strong> a <strong>od 15:00 do 19:00<\/strong> a <strong>v sobotu a v ned\u011bli od 8:00 do 12:00<\/strong>. Otev\u00edrac\u00ed doba se mimo sez\u00f3nu li\u0161\u00ed. Mimo sez\u00f3nu denn\u011b od \u0159\u00edjna do Velikonoc od 8:00 do 12:00.<\/p>\n\n\n\n<p>Rezervovan\u00fd pokoj je p\u0159ipraven k obsazen\u00ed od 15:00.<\/p>\n\n\n\n<p>D\u0159\u00edv\u011bj\u0161\u00ed check-in (do 15:00) nebo pozdn\u00ed check-out (po 10:00) lze zajistit pouze po p\u0159edchoz\u00ed domluv\u011b a bude v\u00e1m \u00fa\u010dtov\u00e1n p\u0159\u00edplatek ve v\u00fd\u0161i 15,00 \u20ac.<\/p>\n\n\n\n<p>Kl\u00ed\u010d od pokoje s informacemi o p\u0159\u00edjezdu (mimo dobu check-inu) ulo\u017e\u00edme do hotelov\u00e9ho trezoru (bezkontaktn\u011b). V den p\u0159\u00edjezdu obdr\u017e\u00edte prost\u0159ednictv\u00edm aplikace WhatsApp\/SMS \u010d\u00edslo sv\u00e9 osobn\u00ed schr\u00e1nky a p\u0159\u00edslu\u0161n\u00fd k\u00f3d.<\/p>\n\n<\/div><\/div><div class=\"gb-container gb-container-6fe1be09\"><div class=\"gb-inside-container\">\n\n<p class=\"light-text\">HODNOCEN\u00cd<\/p>\n\n\n\n<h2 class=\"wp-block-heading\">Jsme spokojeni, kdy\u017e jste spokojeni vy.<\/h2>\n\n\n\n<div class=\"wp-block-we-we-testimonials-block testimonial_slider slide has-mobile-text-align-center\" id=\"testimonial11\"><div class=\"testimonialSlider\" data-t_style=\"1\" data-t_show=\"1\" data-t_hidecontrol=\"0\" data-t_speed=\"6000\"><div><p class=\"testimonial\"><span class=\"testimonial-index\" style=\"display:none\">0<\/span><span class=\"testimonial-text\">P\u0159ed n\u011bkolika dny jsme tu byli, jako u\u017e n\u011bkolik let. T\u00fdm je naprosto mil\u00fd. M\u011bjte spoustu inspirace pro v\u00fdletn\u00ed c\u00edle, a\u0165 u\u017e na kole, p\u011b\u0161ky nebo autem. Sn\u00eddan\u011b je vynikaj\u00edc\u00ed a pokoje proch\u00e1zej\u00ed pravidelnou rekonstrukc\u00ed\/\u00fapravou\/\u00fapravou. Stejn\u011b jako v p\u0159edchoz\u00edch letech jsem se v\u0161\u00edm spokojen\u00e1 a v\u017edy se budu vracet.<\/span><span class=\"testimonial-author\">Enrico Griebner<\/span><span class=\"testimonial-position\">5\/5<\/span><\/p><\/div><div><p class=\"testimonial\"><span class=\"testimonial-index\" style=\"display:none\">1<\/span><span class=\"testimonial-text\">P\u011bkn\u00e9, \u010dist\u00e9, v\u00fdhodn\u011b um\u00edst\u011bn\u00e9! Cestou do It\u00e1lie jsme zde m\u011bli z\u016fstat jen jednu noc, ale pot\u00e9, co jsem si p\u0159e\u010detla o jeze\u0159e SenftenbergSee, jsme se rozhodli upravit n\u00e1\u0161 \u010dasov\u00fd pl\u00e1n a str\u00e1vit zde jeden cel\u00fd den. P\u0159ekvapen\u00ed pro n\u00e1s, ale moc se n\u00e1m l\u00edb\u00ed, dobr\u00e9 cyklistick\u00e9 trasy kolem jezera, n\u011bkter\u00e9 p\u011bkn\u00e9 pl\u00e1\u017ee a mal\u00e9 kr\u00e1sn\u00e9 m\u011bsto.\nO penzionu Mandy: byli jsme v jednom velk\u00e9m byt\u011b, velmi \u010dist\u00fd, prostorn\u00fd a dob\u0159e vybaven\u00fd. M\u011bli jsme kr\u00e1snou bohatou sn\u00eddani na mal\u00e9 kr\u00e1sn\u00e9 terase, tak\u017ee s \u010dist\u00fdm sv\u011bdom\u00edm m\u016f\u017eeme doporu\u010dit toto m\u00edsto<\/span><span class=\"testimonial-author\">Michael Z<\/span><span class=\"testimonial-position\">5\/5<\/span><\/p><\/div><div><p class=\"testimonial\"><span class=\"testimonial-index\" style=\"display:none\">2<\/span><span class=\"testimonial-text\">Moc d\u011bkujeme za skv\u011bl\u00e9 dny u v\u00e1s v\u0161e je super \u010dist\u00e9 a velmi l\u00e1skypln\u011b za\u0159\u00edzen\u00e9\nSn\u00eddan\u011b je prost\u011b super v\u0161e pot\u0159ebn\u00e9 a je\u0161t\u011b v\u00edce\nPan\u00ed jsou super p\u0159\u00e1telsk\u00e9 a o ka\u017ed\u00e9ho hosta se staraj\u00ed velmi l\u00e1skypln\u011b\nJe vid\u011bt, \u017ee v\u0161e d\u011blaj\u00ed srdcem\nZkr\u00e1tka v\u0161e je perfektn\u00ed\nT\u011b\u0161\u00edme se na p\u0159\u00ed\u0161t\u00ed rok a je\u0161t\u011b jednou za v\u0161e d\u011bkujeme.<\/span><span class=\"testimonial-author\">Axel Ruschenburg<\/span><span class=\"testimonial-position\">5\/5<\/span><\/p><\/div><\/div><\/div>\n\n<\/div><\/div><div class=\"gb-container gb-container-8b2ccedf\"><div class=\"gb-inside-container\">\n\n<p class=\"light-text\">POKOJE A REKREA\u010cN\u00cd BYTY<\/p>\n\n\n\n<h2 class=\"wp-block-heading\">P\u0159ehled na\u0161ich pokoj\u016f<\/h2>\n\n\n<div class=\"gb-grid-wrapper gb-grid-wrapper-ff3d486f\">\n<div class=\"gb-grid-column gb-grid-column-2d578530\"><div class=\"gb-container gb-container-2d578530\"><div class=\"gb-inside-container\">\n\n<div class=\"wp-block-cover is-light border-radius-start-zimmer ek-linked-block\"><span aria-hidden=\"true\" class=\"wp-block-cover__background has-contrast-background-color has-background-dim-30 has-background-dim\"><\/span><img loading=\"lazy\" decoding=\"async\" width=\"1600\" height=\"1067\" class=\"wp-block-cover__image-background wp-image-608\" alt=\"\" src=\"https:\/\/pension-mandy.de\/wp-content\/uploads\/pension-mandy-appartment-top_0139_W_KH9050.jpg\" data-object-fit=\"cover\" srcset=\"https:\/\/pension-mandy.de\/wp-content\/uploads\/pension-mandy-appartment-top_0139_W_KH9050.jpg 1600w, https:\/\/pension-mandy.de\/wp-content\/uploads\/pension-mandy-appartment-top_0139_W_KH9050-400x267.jpg 400w, https:\/\/pension-mandy.de\/wp-content\/uploads\/pension-mandy-appartment-top_0139_W_KH9050-1200x800.jpg 1200w, https:\/\/pension-mandy.de\/wp-content\/uploads\/pension-mandy-appartment-top_0139_W_KH9050-768x512.jpg 768w, https:\/\/pension-mandy.de\/wp-content\/uploads\/pension-mandy-appartment-top_0139_W_KH9050-1536x1024.jpg 1536w\" sizes=\"auto, (max-width: 1600px) 100vw, 1600px\" \/><div class=\"wp-block-cover__inner-container is-layout-flow wp-block-cover-is-layout-flow\">\n<p class=\"has-text-align-left has-base-3-color has-text-color\"><br\/>Dvoul\u016f\u017ekov\u00fd pokoj s man\u017eelskou postel\u00ed od 85 \u20ac<sub>za noc, bez sn\u00eddan\u011b<\/sub><\/p>\n<\/div><a href=\"https:\/\/pension-mandy.de\/zimmer\/apartment-doppelzimmer\/\" class=\"editorskit-block-link\" rel=\"\"><\/a><\/div>\n\n<\/div><\/div><\/div>\n\n<div class=\"gb-grid-column gb-grid-column-8db26ae7\"><div class=\"gb-container gb-container-8db26ae7\"><div class=\"gb-inside-container\">\n\n<div class=\"wp-block-cover is-light border-radius-start-zimmer ek-linked-block\"><span aria-hidden=\"true\" class=\"wp-block-cover__background has-contrast-background-color has-background-dim\"><\/span><img loading=\"lazy\" decoding=\"async\" width=\"1600\" height=\"1067\" class=\"wp-block-cover__image-background wp-image-684\" alt=\"\" src=\"https:\/\/pension-mandy.de\/wp-content\/uploads\/top_afrika_0074_W_KH8955-1.jpg\" data-object-fit=\"cover\" srcset=\"https:\/\/pension-mandy.de\/wp-content\/uploads\/top_afrika_0074_W_KH8955-1.jpg 1600w, https:\/\/pension-mandy.de\/wp-content\/uploads\/top_afrika_0074_W_KH8955-1-400x267.jpg 400w, https:\/\/pension-mandy.de\/wp-content\/uploads\/top_afrika_0074_W_KH8955-1-1200x800.jpg 1200w, https:\/\/pension-mandy.de\/wp-content\/uploads\/top_afrika_0074_W_KH8955-1-768x512.jpg 768w, https:\/\/pension-mandy.de\/wp-content\/uploads\/top_afrika_0074_W_KH8955-1-1536x1024.jpg 1536w\" sizes=\"auto, (max-width: 1600px) 100vw, 1600px\" \/><div class=\"wp-block-cover__inner-container is-layout-flow wp-block-cover-is-layout-flow\">\n<p class=\"has-text-align-left has-base-3-color has-text-color\"><br\/>Dvoul\u016f\u017ekov\u00fd pokoj od 80\u20ac<sub>za noc, bez sn\u00eddan\u011b<\/sub><\/p>\n<\/div><a href=\"https:\/\/pension-mandy.de\/zimmer\/doppelzimmer\/\" class=\"editorskit-block-link\" rel=\"\"><\/a><\/div>\n\n<\/div><\/div><\/div>\n<\/div>\n\n<div class=\"gb-grid-wrapper gb-grid-wrapper-603df0a5\">\n<div class=\"gb-grid-column gb-grid-column-16f4d0cb\"><div class=\"gb-container gb-container-16f4d0cb\"><div class=\"gb-inside-container\">\n\n<div class=\"wp-block-cover border-radius-start-zimmer ek-linked-block\"><span aria-hidden=\"true\" class=\"wp-block-cover__background has-contrast-background-color has-background-dim-30 has-background-dim\"><\/span><img loading=\"lazy\" decoding=\"async\" width=\"1920\" height=\"893\" class=\"wp-block-cover__image-background wp-image-424\" alt=\"\" src=\"https:\/\/pension-mandy.de\/wp-content\/uploads\/einzelzimmer_asien_1920x893.jpg\" data-object-fit=\"cover\" srcset=\"https:\/\/pension-mandy.de\/wp-content\/uploads\/einzelzimmer_asien_1920x893.jpg 1920w, https:\/\/pension-mandy.de\/wp-content\/uploads\/einzelzimmer_asien_1920x893-400x186.jpg 400w, https:\/\/pension-mandy.de\/wp-content\/uploads\/einzelzimmer_asien_1920x893-1200x558.jpg 1200w, https:\/\/pension-mandy.de\/wp-content\/uploads\/einzelzimmer_asien_1920x893-768x357.jpg 768w, https:\/\/pension-mandy.de\/wp-content\/uploads\/einzelzimmer_asien_1920x893-1536x714.jpg 1536w\" sizes=\"auto, (max-width: 1920px) 100vw, 1920px\" \/><div class=\"wp-block-cover__inner-container is-layout-flow wp-block-cover-is-layout-flow\">\n<p class=\"has-text-align-left\"><br\/>Jednol\u016f\u017ekov\u00fd pokoj od 66 \u20ac<sub>za noc, bez sn\u00eddan\u011b<\/sub><\/p>\n<\/div><a href=\"https:\/\/pension-mandy.de\/zimmer\/einzelzimmer\/\" class=\"editorskit-block-link\" rel=\"\"><\/a><\/div>\n\n<\/div><\/div><\/div>\n\n<div class=\"gb-grid-column gb-grid-column-0a7d476a\"><div class=\"gb-container gb-container-0a7d476a\"><div class=\"gb-inside-container\">\n\n<div class=\"wp-block-cover is-light border-radius-start-zimmer ek-linked-block\"><span aria-hidden=\"true\" class=\"wp-block-cover__background has-contrast-background-color has-background-dim-30 has-background-dim\"><\/span><img loading=\"lazy\" decoding=\"async\" width=\"1600\" height=\"1067\" class=\"wp-block-cover__image-background wp-image-624\" alt=\"\" src=\"https:\/\/pension-mandy.de\/wp-content\/uploads\/top_fewo2_0286_W_KH9247.jpg\" data-object-fit=\"cover\" srcset=\"https:\/\/pension-mandy.de\/wp-content\/uploads\/top_fewo2_0286_W_KH9247.jpg 1600w, https:\/\/pension-mandy.de\/wp-content\/uploads\/top_fewo2_0286_W_KH9247-400x267.jpg 400w, https:\/\/pension-mandy.de\/wp-content\/uploads\/top_fewo2_0286_W_KH9247-1200x800.jpg 1200w, https:\/\/pension-mandy.de\/wp-content\/uploads\/top_fewo2_0286_W_KH9247-768x512.jpg 768w, https:\/\/pension-mandy.de\/wp-content\/uploads\/top_fewo2_0286_W_KH9247-1536x1024.jpg 1536w\" sizes=\"auto, (max-width: 1600px) 100vw, 1600px\" \/><div class=\"wp-block-cover__inner-container is-layout-flow wp-block-cover-is-layout-flow\">\n<p class=\"has-text-align-left has-base-3-color has-text-color\"><br\/>Rekrea\u010dn\u00ed byt od 105\u20ac <sub>za noc, bez sn\u00eddan\u011b, plus Z\u00e1v\u011bre\u010dn\u00e9 \u010di\u0161t\u011bn\u00ed<\/sub><\/p>\n<\/div><a href=\"https:\/\/pension-mandy.de\/zimmer\/ferienwohnung\/\" class=\"editorskit-block-link\" rel=\"\"><\/a><\/div>\n\n<\/div><\/div><\/div>\n<\/div>\n<\/div><\/div>","protected":false},"excerpt":{"rendered":"<p>V\u00cdTEJTE V SENFTENBERGU Ud\u011blejte si pohodl\u00ed v . O N\u00c1S V\u00edtejte v penzionu Mandy INFORMACE P\u0159\u00edjezd do penzionu Mandy Na\u0161e recepce je otev\u0159ena od pond\u011bl\u00ed do p\u00e1tku od 8:00 do 12:00 a od 15:00 do 19:00 a v sobotu a v ned\u011bli od 8:00 do 12:00. Otev\u00edrac\u00ed doba se mimo sez\u00f3nu li\u0161\u00ed. Mimo sez\u00f3nu denn\u011b &#8230; <\/p>\n<p class=\"read-more-container\"><a title=\"Domovsk\u00e1 str\u00e1nka\" class=\"read-more button\" href=\"https:\/\/pension-mandy.de\/cs\/#more-1779\" aria-label=\"\u010c\u00edst v\u00edce o Domovsk\u00e1 str\u00e1nka\">Weiterlesen<\/a><\/p>\n","protected":false},"author":5,"featured_media":0,"parent":0,"menu_order":0,"comment_status":"closed","ping_status":"closed","template":"","meta":{"_editorskit_title_hidden":false,"_editorskit_reading_time":0,"_editorskit_is_block_options_detached":false,"_editorskit_block_options_position":"{}","footnotes":""},"class_list":{"0":"post-1779","1":"page","2":"type-page","3":"status-publish","5":"infinite-scroll-item"},"yoast_head":"<!-- This site is optimized with the Yoast SEO plugin v28.4 - https:\/\/yoast.com\/product\/yoast-seo-wordpress\/ -->\n<title>Domovsk\u00e1 str\u00e1nka - Pension Mandy<\/title>\n<meta name=\"description\" content=\"Penzion Mandy - Chovejte se jako doma. M\u00e1me 40 l\u016f\u017eek v 16 pokoj\u00edch\/apartm\u00e1nech. Rezervujte si nyn\u00ed online.\" \/>\n<meta name=\"robots\" content=\"index, follow, max-snippet:-1, max-image-preview:large, max-video-preview:-1\" \/>\n<link rel=\"canonical\" href=\"https:\/\/pension-mandy.de\/cs\/\" \/>\n<meta property=\"og:locale\" content=\"cs_CZ\" \/>\n<meta property=\"og:type\" content=\"article\" \/>\n<meta property=\"og:title\" content=\"Domovsk\u00e1 str\u00e1nka - Pension Mandy\" \/>\n<meta property=\"og:description\" content=\"Penzion Mandy - Chovejte se jako doma. M\u00e1me 40 l\u016f\u017eek v 16 pokoj\u00edch\/apartm\u00e1nech. Rezervujte si nyn\u00ed online.\" \/>\n<meta property=\"og:url\" content=\"https:\/\/pension-mandy.de\/cs\/\" \/>\n<meta property=\"og:site_name\" content=\"Pension Mandy\" \/>\n<meta property=\"article:modified_time\" content=\"2026-01-15T07:40:25+00:00\" \/>\n<meta property=\"og:image\" content=\"https:\/\/pension-mandy.de\/wp-content\/uploads\/0046_W_KH8752_2000.jpg\" \/>\n\t<meta property=\"og:image:width\" content=\"2000\" \/>\n\t<meta property=\"og:image:height\" content=\"1336\" \/>\n\t<meta property=\"og:image:type\" content=\"image\/jpeg\" \/>\n<meta name=\"twitter:label1\" content=\"Odhadovan\u00e1 doba \u010dten\u00ed\" \/>\n\t<meta name=\"twitter:data1\" content=\"3 minuty\" \/>\n<script type=\"application\/ld+json\" class=\"yoast-schema-graph\">{\"@context\":\"https:\\\/\\\/schema.org\",\"@graph\":[{\"@type\":\"WebPage\",\"@id\":\"https:\\\/\\\/pension-mandy.de\\\/cs\\\/\",\"url\":\"https:\\\/\\\/pension-mandy.de\\\/cs\\\/\",\"name\":\"Domovsk\u00e1 str\u00e1nka - Pension Mandy\",\"isPartOf\":{\"@id\":\"https:\\\/\\\/pension-mandy.de\\\/cs\\\/#website\"},\"primaryImageOfPage\":{\"@id\":\"https:\\\/\\\/pension-mandy.de\\\/cs\\\/#primaryimage\"},\"image\":{\"@id\":\"https:\\\/\\\/pension-mandy.de\\\/cs\\\/#primaryimage\"},\"thumbnailUrl\":\"https:\\\/\\\/pension-mandy.de\\\/wp-content\\\/uploads\\\/0046_W_KH8752_2000-1200x802.jpg\",\"datePublished\":\"2020-07-27T11:11:51+00:00\",\"dateModified\":\"2026-01-15T07:40:25+00:00\",\"description\":\"Penzion Mandy - Chovejte se jako doma. M\u00e1me 40 l\u016f\u017eek v 16 pokoj\u00edch\\\/apartm\u00e1nech. Rezervujte si nyn\u00ed online.\",\"breadcrumb\":{\"@id\":\"https:\\\/\\\/pension-mandy.de\\\/cs\\\/#breadcrumb\"},\"inLanguage\":\"cs\",\"potentialAction\":[{\"@type\":\"ReadAction\",\"target\":[\"https:\\\/\\\/pension-mandy.de\\\/cs\\\/\"]}]},{\"@type\":\"ImageObject\",\"inLanguage\":\"cs\",\"@id\":\"https:\\\/\\\/pension-mandy.de\\\/cs\\\/#primaryimage\",\"url\":\"https:\\\/\\\/pension-mandy.de\\\/wp-content\\\/uploads\\\/0046_W_KH8752_2000-1200x802.jpg\",\"contentUrl\":\"https:\\\/\\\/pension-mandy.de\\\/wp-content\\\/uploads\\\/0046_W_KH8752_2000-1200x802.jpg\"},{\"@type\":\"BreadcrumbList\",\"@id\":\"https:\\\/\\\/pension-mandy.de\\\/cs\\\/#breadcrumb\",\"itemListElement\":[{\"@type\":\"ListItem\",\"position\":1,\"name\":\"Home\",\"item\":\"https:\\\/\\\/pension-mandy.de\\\/cs\\\/\"},{\"@type\":\"ListItem\",\"position\":2,\"name\":\"Domovsk\u00e1 str\u00e1nka\"}]},{\"@type\":\"WebSite\",\"@id\":\"https:\\\/\\\/pension-mandy.de\\\/cs\\\/#website\",\"url\":\"https:\\\/\\\/pension-mandy.de\\\/cs\\\/\",\"name\":\"Pension Mandy\",\"description\":\"Ihre Pension im Herzen des Lausitzer Seenland\",\"publisher\":{\"@id\":\"https:\\\/\\\/pension-mandy.de\\\/cs\\\/#organization\"},\"potentialAction\":[{\"@type\":\"SearchAction\",\"target\":{\"@type\":\"EntryPoint\",\"urlTemplate\":\"https:\\\/\\\/pension-mandy.de\\\/cs\\\/?s={search_term_string}\"},\"query-input\":{\"@type\":\"PropertyValueSpecification\",\"valueRequired\":true,\"valueName\":\"search_term_string\"}}],\"inLanguage\":\"cs\"},{\"@type\":\"Organization\",\"@id\":\"https:\\\/\\\/pension-mandy.de\\\/cs\\\/#organization\",\"name\":\"Pension Mandy\",\"url\":\"https:\\\/\\\/pension-mandy.de\\\/cs\\\/\",\"logo\":{\"@type\":\"ImageObject\",\"inLanguage\":\"cs\",\"@id\":\"https:\\\/\\\/pension-mandy.de\\\/cs\\\/#\\\/schema\\\/logo\\\/image\\\/\",\"url\":\"https:\\\/\\\/pension-mandy.de\\\/wp-content\\\/uploads\\\/Logo_weiss_rgb.svg\",\"contentUrl\":\"https:\\\/\\\/pension-mandy.de\\\/wp-content\\\/uploads\\\/Logo_weiss_rgb.svg\",\"width\":9680,\"height\":4269,\"caption\":\"Pension Mandy\"},\"image\":{\"@id\":\"https:\\\/\\\/pension-mandy.de\\\/cs\\\/#\\\/schema\\\/logo\\\/image\\\/\"}}]}<\/script>\n<!-- \/ Yoast SEO plugin. -->","yoast_head_json":{"title":"Domovsk\u00e1 str\u00e1nka - Pension Mandy","description":"Penzion Mandy - Chovejte se jako doma. M\u00e1me 40 l\u016f\u017eek v 16 pokoj\u00edch\/apartm\u00e1nech. Rezervujte si nyn\u00ed online.","robots":{"index":"index","follow":"follow","max-snippet":"max-snippet:-1","max-image-preview":"max-image-preview:large","max-video-preview":"max-video-preview:-1"},"canonical":"https:\/\/pension-mandy.de\/cs\/","og_locale":"cs_CZ","og_type":"article","og_title":"Domovsk\u00e1 str\u00e1nka - Pension Mandy","og_description":"Penzion Mandy - Chovejte se jako doma. M\u00e1me 40 l\u016f\u017eek v 16 pokoj\u00edch\/apartm\u00e1nech. Rezervujte si nyn\u00ed online.","og_url":"https:\/\/pension-mandy.de\/cs\/","og_site_name":"Pension Mandy","article_modified_time":"2026-01-15T07:40:25+00:00","og_image":[{"width":2000,"height":1336,"url":"https:\/\/pension-mandy.de\/wp-content\/uploads\/0046_W_KH8752_2000.jpg","type":"image\/jpeg"}],"twitter_misc":{"Odhadovan\u00e1 doba \u010dten\u00ed":"3 minuty"},"schema":{"@context":"https:\/\/schema.org","@graph":[{"@type":"WebPage","@id":"https:\/\/pension-mandy.de\/cs\/","url":"https:\/\/pension-mandy.de\/cs\/","name":"Domovsk\u00e1 str\u00e1nka - Pension Mandy","isPartOf":{"@id":"https:\/\/pension-mandy.de\/cs\/#website"},"primaryImageOfPage":{"@id":"https:\/\/pension-mandy.de\/cs\/#primaryimage"},"image":{"@id":"https:\/\/pension-mandy.de\/cs\/#primaryimage"},"thumbnailUrl":"https:\/\/pension-mandy.de\/wp-content\/uploads\/0046_W_KH8752_2000-1200x802.jpg","datePublished":"2020-07-27T11:11:51+00:00","dateModified":"2026-01-15T07:40:25+00:00","description":"Penzion Mandy - Chovejte se jako doma. M\u00e1me 40 l\u016f\u017eek v 16 pokoj\u00edch\/apartm\u00e1nech. Rezervujte si nyn\u00ed online.","breadcrumb":{"@id":"https:\/\/pension-mandy.de\/cs\/#breadcrumb"},"inLanguage":"cs","potentialAction":[{"@type":"ReadAction","target":["https:\/\/pension-mandy.de\/cs\/"]}]},{"@type":"ImageObject","inLanguage":"cs","@id":"https:\/\/pension-mandy.de\/cs\/#primaryimage","url":"https:\/\/pension-mandy.de\/wp-content\/uploads\/0046_W_KH8752_2000-1200x802.jpg","contentUrl":"https:\/\/pension-mandy.de\/wp-content\/uploads\/0046_W_KH8752_2000-1200x802.jpg"},{"@type":"BreadcrumbList","@id":"https:\/\/pension-mandy.de\/cs\/#breadcrumb","itemListElement":[{"@type":"ListItem","position":1,"name":"Home","item":"https:\/\/pension-mandy.de\/cs\/"},{"@type":"ListItem","position":2,"name":"Domovsk\u00e1 str\u00e1nka"}]},{"@type":"WebSite","@id":"https:\/\/pension-mandy.de\/cs\/#website","url":"https:\/\/pension-mandy.de\/cs\/","name":"Pension Mandy","description":"Ihre Pension im Herzen des Lausitzer Seenland","publisher":{"@id":"https:\/\/pension-mandy.de\/cs\/#organization"},"potentialAction":[{"@type":"SearchAction","target":{"@type":"EntryPoint","urlTemplate":"https:\/\/pension-mandy.de\/cs\/?s={search_term_string}"},"query-input":{"@type":"PropertyValueSpecification","valueRequired":true,"valueName":"search_term_string"}}],"inLanguage":"cs"},{"@type":"Organization","@id":"https:\/\/pension-mandy.de\/cs\/#organization","name":"Pension Mandy","url":"https:\/\/pension-mandy.de\/cs\/","logo":{"@type":"ImageObject","inLanguage":"cs","@id":"https:\/\/pension-mandy.de\/cs\/#\/schema\/logo\/image\/","url":"https:\/\/pension-mandy.de\/wp-content\/uploads\/Logo_weiss_rgb.svg","contentUrl":"https:\/\/pension-mandy.de\/wp-content\/uploads\/Logo_weiss_rgb.svg","width":9680,"height":4269,"caption":"Pension Mandy"},"image":{"@id":"https:\/\/pension-mandy.de\/cs\/#\/schema\/logo\/image\/"}}]}},"_links":{"self":[{"href":"https:\/\/pension-mandy.de\/cs\/wp-json\/wp\/v2\/pages\/1779","targetHints":{"allow":["GET"]}}],"collection":[{"href":"https:\/\/pension-mandy.de\/cs\/wp-json\/wp\/v2\/pages"}],"about":[{"href":"https:\/\/pension-mandy.de\/cs\/wp-json\/wp\/v2\/types\/page"}],"author":[{"embeddable":true,"href":"https:\/\/pension-mandy.de\/cs\/wp-json\/wp\/v2\/users\/5"}],"replies":[{"embeddable":true,"href":"https:\/\/pension-mandy.de\/cs\/wp-json\/wp\/v2\/comments?post=1779"}],"version-history":[{"count":13,"href":"https:\/\/pension-mandy.de\/cs\/wp-json\/wp\/v2\/pages\/1779\/revisions"}],"predecessor-version":[{"id":2555,"href":"https:\/\/pension-mandy.de\/cs\/wp-json\/wp\/v2\/pages\/1779\/revisions\/2555"}],"wp:attachment":[{"href":"https:\/\/pension-mandy.de\/cs\/wp-json\/wp\/v2\/media?parent=1779"}],"curies":[{"name":"wp","href":"https:\/\/api.w.org\/{rel}","templated":true}]}}